{"id":20817,"date":"2016-07-27T07:21:52","date_gmt":"2016-07-27T07:21:52","guid":{"rendered":"http:\/\/micofora.com\/fr\/portfolio-items\/cuantificacion-de-micelio-de-tuber-melanosporum\/"},"modified":"2016-07-27T07:21:52","modified_gmt":"2016-07-27T07:21:52","slug":"cuantificacion-de-micelio-de-tuber-melanosporum","status":"publish","type":"avada_portfolio","link":"https:\/\/micofora.com\/fr\/portfolio-items\/cuantificacion-de-micelio-de-tuber-melanosporum\/","title":{"rendered":"Cuantificaci\u00f3n de Micelio de Tuber Melanosporum"},"content":{"rendered":"<p><div class=\"fusion-fullwidth fullwidth-box fusion-builder-row-1 nonhundred-percent-fullwidth non-hundred-percent-height-scrolling\" style=\"--awb-border-radius-top-left:0px;--awb-border-radius-top-right:0px;--awb-border-radius-bottom-right:0px;--awb-border-radius-bottom-left:0px;--awb-flex-wrap:wrap;\" ><div class=\"fusion-builder-row fusion-row\"><div class=\"fusion-layout-column fusion_builder_column fusion-builder-column-0 fusion_builder_column_1_1 1_1 fusion-one-full fusion-column-first fusion-column-last\" style=\"--awb-bg-size:cover;--awb-margin-bottom:0px;\"><div class=\"fusion-column-wrapper fusion-flex-column-wrapper-legacy\"><div class=\"fusion-text fusion-text-1\"><p><strong>Fecha inicio:<\/strong><br \/>\nsetiembre 2013<\/p>\n<p><strong>Objetivos:<\/strong><br \/>\nCuantificaci\u00f3n del micelio de Tuber melanosporum a lo largo de un a\u00f1o y creaci\u00f3n de las curvas patr\u00f3n de referencia para Quercus ilex.<\/p>\n<p><strong>Descripci\u00f3n:<\/strong><br \/>\nMetodolog\u00eda: Durante un a\u00f1o se tomaron bimensualmente muestras de suelo de dos plantaciones truferas. Estas muestras se analizaron mediante la t\u00e9cnica de Real Time PCR con el fin de determinar la concentraci\u00f3n de micelio de Tuber melanosporum. Con los resultados se establecieron las correspondientes curvas patr\u00f3n para \u00e1rboles productivos y no productivos, que con los datos acumulados desde entonces, se han ido completando para tener una referencia de la evoluci\u00f3n del micelio en el suelo en funci\u00f3n de distintos par\u00e1metros (riego, edad del \u00e1rbol, tipo de suelo\u2026)<\/p>\n<\/div><div class=\"fusion-clearfix\"><\/div><\/div><\/div><\/div><\/div><div class=\"fusion-fullwidth fullwidth-box fusion-builder-row-2 hundred-percent-fullwidth non-hundred-percent-height-scrolling\" style=\"--awb-border-radius-top-left:0px;--awb-border-radius-top-right:0px;--awb-border-radius-bottom-right:0px;--awb-border-radius-bottom-left:0px;--awb-overflow:visible;--awb-margin-top:15px;--awb-margin-bottom:15px;--awb-background-color:rgba(255,255,255,0);--awb-flex-wrap:wrap;\" ><div class=\"fusion-builder-row fusion-row\"><div class=\"fusion-layout-column fusion_builder_column fusion-builder-column-1 fusion_builder_column_1_1 1_1 fusion-one-full fusion-column-first fusion-column-last fusion-column-no-min-height\" style=\"--awb-bg-size:cover;--awb-margin-bottom:0px;\"><div class=\"fusion-column-wrapper fusion-flex-column-wrapper-legacy\"><div class=\"fusion-sep-clear\"><\/div><div class=\"fusion-separator fusion-full-width-sep\" style=\"margin-left: auto;margin-right: auto;width:100%;\"><\/div><div class=\"fusion-sep-clear\"><\/div><div class=\"fusion-clearfix\"><\/div><\/div><\/div><\/div><\/div><div class=\"fusion-fullwidth fullwidth-box fusion-builder-row-3 hundred-percent-fullwidth non-hundred-percent-height-scrolling\" style=\"--awb-border-radius-top-left:0px;--awb-border-radius-top-right:0px;--awb-border-radius-bottom-right:0px;--awb-border-radius-bottom-left:0px;--awb-overflow:visible;--awb-flex-wrap:wrap;\" ><div class=\"fusion-builder-row fusion-row\"><div class=\"fusion-layout-column fusion_builder_column fusion-builder-column-2 fusion_builder_column_1_1 1_1 fusion-one-full fusion-column-first fusion-column-last fusion-column-no-min-height\" style=\"--awb-bg-size:cover;--awb-margin-bottom:0px;\"><div class=\"fusion-column-wrapper fusion-flex-column-wrapper-legacy\"><div class=\"fusion-alignleft\"><a class=\"fusion-button button-flat fusion-button-default-size button-default fusion-button-default button-1 fusion-button-default-span fusion-button-default-type\" target=\"_blank\" rel=\"noopener noreferrer\" title=\"ir\" aria-label=\"ir\" href=\"https:\/\/micofora.com\/organizamos-una-nueva-jornada-tecnica-en-truficultura-en-barcelona\/\"><span class=\"fusion-button-text awb-button__text awb-button__text--default\">M\u00c1S INFORMACI\u00d3N<\/span><\/a><\/div><div class=\"fusion-sep-clear\"><\/div><div class=\"fusion-separator fusion-full-width-sep\" style=\"margin-left: auto;margin-right: auto;margin-top:15px;margin-bottom:15px;width:100%;\"><\/div><div class=\"fusion-sep-clear\"><\/div><div class=\"fusion-alignleft\"><a class=\"fusion-button button-flat fusion-button-default-size button-default fusion-button-default button-2 fusion-button-default-span fusion-button-default-type\" target=\"_blank\" rel=\"noopener noreferrer\" title=\"ir\" aria-label=\"ir\" href=\"https:\/\/micofora.com\/truficultura-en-chile\/\"><span class=\"fusion-button-text awb-button__text awb-button__text--default\">M\u00c1S INFORMACI\u00d3N<\/span><\/a><\/div><div class=\"fusion-clearfix\"><\/div><\/div><\/div><\/div><\/div><\/p>\n","protected":false},"excerpt":{"rendered":"","protected":false},"author":6,"featured_media":20819,"menu_order":0,"comment_status":"open","ping_status":"closed","template":"","format":"standard","meta":{"footnotes":""},"portfolio_category":[672,669],"portfolio_skills":[],"portfolio_tags":[],"class_list":["post-20817","avada_portfolio","type-avada_portfolio","status-publish","format-standard","has-post-thumbnail","hentry","portfolio_category-plus-recent","portfolio_category-projets-de-r-d"],"yoast_head":"<!-- This site is optimized with the Yoast SEO plugin v27.5 - https:\/\/yoast.com\/product\/yoast-seo-wordpress\/ -->\n<title>Cuantificaci\u00f3n de Micelio de Tuber Melanosporum - Micofora<\/title>\n<meta name=\"description\" content=\"Cuantificaci\u00f3n del micelio de Tuber melanosporum a lo largo de un a\u00f1o y creaci\u00f3n de las curvas patr\u00f3n de referencia para Quercus ilex.\" \/>\n<meta name=\"robots\" content=\"index, follow, max-snippet:-1, max-image-preview:large, max-video-preview:-1\" \/>\n<link rel=\"canonical\" href=\"https:\/\/micofora.com\/fr\/portfolio-items\/cuantificacion-de-micelio-de-tuber-melanosporum\/\" \/>\n<meta property=\"og:locale\" content=\"fr_FR\" \/>\n<meta property=\"og:type\" content=\"article\" \/>\n<meta property=\"og:title\" content=\"Cuantificaci\u00f3n de Micelio de Tuber Melanosporum - Micofora\" \/>\n<meta property=\"og:description\" content=\"Cuantificaci\u00f3n del micelio de Tuber melanosporum a lo largo de un a\u00f1o y creaci\u00f3n de las curvas patr\u00f3n de referencia para Quercus ilex.\" \/>\n<meta property=\"og:url\" content=\"https:\/\/micofora.com\/fr\/portfolio-items\/cuantificacion-de-micelio-de-tuber-melanosporum\/\" \/>\n<meta property=\"og:site_name\" content=\"Micofora\" \/>\n<meta property=\"og:image\" content=\"https:\/\/micofora.com\/wp-content\/uploads\/2016\/09\/ExternalLink_13-foto-proyecto-quantificaciC3B3n-micelio-.png\" \/>\n\t<meta property=\"og:image:width\" content=\"749\" \/>\n\t<meta property=\"og:image:height\" content=\"620\" \/>\n\t<meta property=\"og:image:type\" content=\"image\/png\" \/>\n<meta name=\"twitter:card\" content=\"summary_large_image\" \/>\n<meta name=\"twitter:label1\" content=\"Dur\u00e9e de lecture estim\u00e9e\" \/>\n\t<meta name=\"twitter:data1\" content=\"3 minutes\" \/>\n<script type=\"application\/ld+json\" class=\"yoast-schema-graph\">{\"@context\":\"https:\\\/\\\/schema.org\",\"@graph\":[{\"@type\":\"WebPage\",\"@id\":\"https:\\\/\\\/micofora.com\\\/fr\\\/portfolio-items\\\/cuantificacion-de-micelio-de-tuber-melanosporum\\\/\",\"url\":\"https:\\\/\\\/micofora.com\\\/fr\\\/portfolio-items\\\/cuantificacion-de-micelio-de-tuber-melanosporum\\\/\",\"name\":\"Cuantificaci\u00f3n de Micelio de Tuber Melanosporum - Micofora\",\"isPartOf\":{\"@id\":\"https:\\\/\\\/micofora.com\\\/#website\"},\"primaryImageOfPage\":{\"@id\":\"https:\\\/\\\/micofora.com\\\/fr\\\/portfolio-items\\\/cuantificacion-de-micelio-de-tuber-melanosporum\\\/#primaryimage\"},\"image\":{\"@id\":\"https:\\\/\\\/micofora.com\\\/fr\\\/portfolio-items\\\/cuantificacion-de-micelio-de-tuber-melanosporum\\\/#primaryimage\"},\"thumbnailUrl\":\"https:\\\/\\\/micofora.com\\\/wp-content\\\/uploads\\\/2016\\\/09\\\/ExternalLink_13-foto-proyecto-quantificaciC3B3n-micelio-.png\",\"datePublished\":\"2016-07-27T07:21:52+00:00\",\"description\":\"Cuantificaci\u00f3n del micelio de Tuber melanosporum a lo largo de un a\u00f1o y creaci\u00f3n de las curvas patr\u00f3n de referencia para Quercus ilex.\",\"breadcrumb\":{\"@id\":\"https:\\\/\\\/micofora.com\\\/fr\\\/portfolio-items\\\/cuantificacion-de-micelio-de-tuber-melanosporum\\\/#breadcrumb\"},\"inLanguage\":\"fr-FR\",\"potentialAction\":[{\"@type\":\"ReadAction\",\"target\":[\"https:\\\/\\\/micofora.com\\\/fr\\\/portfolio-items\\\/cuantificacion-de-micelio-de-tuber-melanosporum\\\/\"]}]},{\"@type\":\"ImageObject\",\"inLanguage\":\"fr-FR\",\"@id\":\"https:\\\/\\\/micofora.com\\\/fr\\\/portfolio-items\\\/cuantificacion-de-micelio-de-tuber-melanosporum\\\/#primaryimage\",\"url\":\"https:\\\/\\\/micofora.com\\\/wp-content\\\/uploads\\\/2016\\\/09\\\/ExternalLink_13-foto-proyecto-quantificaciC3B3n-micelio-.png\",\"contentUrl\":\"https:\\\/\\\/micofora.com\\\/wp-content\\\/uploads\\\/2016\\\/09\\\/ExternalLink_13-foto-proyecto-quantificaciC3B3n-micelio-.png\",\"width\":749,\"height\":620},{\"@type\":\"BreadcrumbList\",\"@id\":\"https:\\\/\\\/micofora.com\\\/fr\\\/portfolio-items\\\/cuantificacion-de-micelio-de-tuber-melanosporum\\\/#breadcrumb\",\"itemListElement\":[{\"@type\":\"ListItem\",\"position\":1,\"name\":\"Portada\",\"item\":\"https:\\\/\\\/micofora.com\\\/fr\\\/\"},{\"@type\":\"ListItem\",\"position\":2,\"name\":\"Portfolio\",\"item\":\"https:\\\/\\\/micofora.com\\\/portfolio-items\\\/\"},{\"@type\":\"ListItem\",\"position\":3,\"name\":\"Cuantificaci\u00f3n de Micelio de Tuber Melanosporum\"}]},{\"@type\":\"WebSite\",\"@id\":\"https:\\\/\\\/micofora.com\\\/#website\",\"url\":\"https:\\\/\\\/micofora.com\\\/\",\"name\":\"Micofora\",\"description\":\"Micologia Forestal &amp; Aplicada\",\"potentialAction\":[{\"@type\":\"SearchAction\",\"target\":{\"@type\":\"EntryPoint\",\"urlTemplate\":\"https:\\\/\\\/micofora.com\\\/?s={search_term_string}\"},\"query-input\":{\"@type\":\"PropertyValueSpecification\",\"valueRequired\":true,\"valueName\":\"search_term_string\"}}],\"inLanguage\":\"fr-FR\"}]}<\/script>\n<!-- \/ Yoast SEO plugin. -->","yoast_head_json":{"title":"Cuantificaci\u00f3n de Micelio de Tuber Melanosporum - Micofora","description":"Cuantificaci\u00f3n del micelio de Tuber melanosporum a lo largo de un a\u00f1o y creaci\u00f3n de las curvas patr\u00f3n de referencia para Quercus ilex.","robots":{"index":"index","follow":"follow","max-snippet":"max-snippet:-1","max-image-preview":"max-image-preview:large","max-video-preview":"max-video-preview:-1"},"canonical":"https:\/\/micofora.com\/fr\/portfolio-items\/cuantificacion-de-micelio-de-tuber-melanosporum\/","og_locale":"fr_FR","og_type":"article","og_title":"Cuantificaci\u00f3n de Micelio de Tuber Melanosporum - Micofora","og_description":"Cuantificaci\u00f3n del micelio de Tuber melanosporum a lo largo de un a\u00f1o y creaci\u00f3n de las curvas patr\u00f3n de referencia para Quercus ilex.","og_url":"https:\/\/micofora.com\/fr\/portfolio-items\/cuantificacion-de-micelio-de-tuber-melanosporum\/","og_site_name":"Micofora","og_image":[{"width":749,"height":620,"url":"https:\/\/micofora.com\/wp-content\/uploads\/2016\/09\/ExternalLink_13-foto-proyecto-quantificaciC3B3n-micelio-.png","type":"image\/png"}],"twitter_card":"summary_large_image","twitter_misc":{"Dur\u00e9e de lecture estim\u00e9e":"3 minutes"},"schema":{"@context":"https:\/\/schema.org","@graph":[{"@type":"WebPage","@id":"https:\/\/micofora.com\/fr\/portfolio-items\/cuantificacion-de-micelio-de-tuber-melanosporum\/","url":"https:\/\/micofora.com\/fr\/portfolio-items\/cuantificacion-de-micelio-de-tuber-melanosporum\/","name":"Cuantificaci\u00f3n de Micelio de Tuber Melanosporum - Micofora","isPartOf":{"@id":"https:\/\/micofora.com\/#website"},"primaryImageOfPage":{"@id":"https:\/\/micofora.com\/fr\/portfolio-items\/cuantificacion-de-micelio-de-tuber-melanosporum\/#primaryimage"},"image":{"@id":"https:\/\/micofora.com\/fr\/portfolio-items\/cuantificacion-de-micelio-de-tuber-melanosporum\/#primaryimage"},"thumbnailUrl":"https:\/\/micofora.com\/wp-content\/uploads\/2016\/09\/ExternalLink_13-foto-proyecto-quantificaciC3B3n-micelio-.png","datePublished":"2016-07-27T07:21:52+00:00","description":"Cuantificaci\u00f3n del micelio de Tuber melanosporum a lo largo de un a\u00f1o y creaci\u00f3n de las curvas patr\u00f3n de referencia para Quercus ilex.","breadcrumb":{"@id":"https:\/\/micofora.com\/fr\/portfolio-items\/cuantificacion-de-micelio-de-tuber-melanosporum\/#breadcrumb"},"inLanguage":"fr-FR","potentialAction":[{"@type":"ReadAction","target":["https:\/\/micofora.com\/fr\/portfolio-items\/cuantificacion-de-micelio-de-tuber-melanosporum\/"]}]},{"@type":"ImageObject","inLanguage":"fr-FR","@id":"https:\/\/micofora.com\/fr\/portfolio-items\/cuantificacion-de-micelio-de-tuber-melanosporum\/#primaryimage","url":"https:\/\/micofora.com\/wp-content\/uploads\/2016\/09\/ExternalLink_13-foto-proyecto-quantificaciC3B3n-micelio-.png","contentUrl":"https:\/\/micofora.com\/wp-content\/uploads\/2016\/09\/ExternalLink_13-foto-proyecto-quantificaciC3B3n-micelio-.png","width":749,"height":620},{"@type":"BreadcrumbList","@id":"https:\/\/micofora.com\/fr\/portfolio-items\/cuantificacion-de-micelio-de-tuber-melanosporum\/#breadcrumb","itemListElement":[{"@type":"ListItem","position":1,"name":"Portada","item":"https:\/\/micofora.com\/fr\/"},{"@type":"ListItem","position":2,"name":"Portfolio","item":"https:\/\/micofora.com\/portfolio-items\/"},{"@type":"ListItem","position":3,"name":"Cuantificaci\u00f3n de Micelio de Tuber Melanosporum"}]},{"@type":"WebSite","@id":"https:\/\/micofora.com\/#website","url":"https:\/\/micofora.com\/","name":"Micofora","description":"Micologia Forestal &amp; Aplicada","potentialAction":[{"@type":"SearchAction","target":{"@type":"EntryPoint","urlTemplate":"https:\/\/micofora.com\/?s={search_term_string}"},"query-input":{"@type":"PropertyValueSpecification","valueRequired":true,"valueName":"search_term_string"}}],"inLanguage":"fr-FR"}]}},"_links":{"self":[{"href":"https:\/\/micofora.com\/fr\/wp-json\/wp\/v2\/avada_portfolio\/20817","targetHints":{"allow":["GET"]}}],"collection":[{"href":"https:\/\/micofora.com\/fr\/wp-json\/wp\/v2\/avada_portfolio"}],"about":[{"href":"https:\/\/micofora.com\/fr\/wp-json\/wp\/v2\/types\/avada_portfolio"}],"author":[{"embeddable":true,"href":"https:\/\/micofora.com\/fr\/wp-json\/wp\/v2\/users\/6"}],"replies":[{"embeddable":true,"href":"https:\/\/micofora.com\/fr\/wp-json\/wp\/v2\/comments?post=20817"}],"version-history":[{"count":0,"href":"https:\/\/micofora.com\/fr\/wp-json\/wp\/v2\/avada_portfolio\/20817\/revisions"}],"wp:featuredmedia":[{"embeddable":true,"href":"https:\/\/micofora.com\/fr\/wp-json\/wp\/v2\/media\/20819"}],"wp:attachment":[{"href":"https:\/\/micofora.com\/fr\/wp-json\/wp\/v2\/media?parent=20817"}],"wp:term":[{"taxonomy":"portfolio_category","embeddable":true,"href":"https:\/\/micofora.com\/fr\/wp-json\/wp\/v2\/portfolio_category?post=20817"},{"taxonomy":"portfolio_skills","embeddable":true,"href":"https:\/\/micofora.com\/fr\/wp-json\/wp\/v2\/portfolio_skills?post=20817"},{"taxonomy":"portfolio_tags","embeddable":true,"href":"https:\/\/micofora.com\/fr\/wp-json\/wp\/v2\/portfolio_tags?post=20817"}],"curies":[{"name":"wp","href":"https:\/\/api.w.org\/{rel}","templated":true}]}}