{"id":25842,"date":"2022-06-01T11:58:12","date_gmt":"2022-06-01T11:58:12","guid":{"rendered":"https:\/\/micofora.com\/?page_id=25842"},"modified":"2025-12-01T13:59:02","modified_gmt":"2025-12-01T13:59:02","slug":"politica-de-privacitat","status":"publish","type":"page","link":"https:\/\/micofora.com\/ca\/politica-de-privacitat\/","title":{"rendered":"POL\u00cdTICA DE PRIVACITAT"},"content":{"rendered":"<p>La confidencialitat i la seguretat s\u00f3n valors primordials de Micofora i, en conseq\u00fc\u00e8ncia, assumim el comprom\u00eds de garantir la privacitat de l&#8217;Usuari en tot moment i de no recaptar informaci\u00f3 innecess\u00e0ria. A continuaci\u00f3, li proporcionem tota la informaci\u00f3 necess\u00e0ria sobre la nostra Pol\u00edtica de Privacitat en relaci\u00f3 amb les dades personals que recaiem, explicant-li:<\/p>\n<ul>\n<li>Qui \u00e9s el responsable del tractament de les seves dades.<\/li>\n<li>Per a quines finalitats reprem les dades que li demanem.<\/li>\n<li>Quina \u00e9s la legitimaci\u00f3 per al seu tractament.<\/li>\n<li>Durant quant temps els conservem.<\/li>\n<li>A quins destinataris es comuniquen les seves dades.<\/li>\n<li>Quins s\u00f3n els seus drets.<\/li>\n<\/ul>\n<ol>\n<li><strong>Responsable<\/strong>:<\/li>\n<\/ol>\n<p>MICOLOGIA FORESTAL AND APLICADA SL (B64390040)<\/p>\n<p>Cami del Fou s\/n<\/p>\n<p>Sant Antoni de Vilamajor (08459), Barcelona, Espanya<\/p>\n<p><a href=\"mailto:micologiaforestal@micofora.com\">micologiaforestal@micofora.com<\/a><\/p>\n<p>&nbsp;<\/p>\n<ol start=\"2\">\n<li><strong>Finalitats, legitimaci\u00f3 i conservaci\u00f3 dels tractaments de les dades enviades a trav\u00e9s de<\/strong>:<\/li>\n<\/ol>\n<ul>\n<li>FORMULARI DE CONTACTE.<\/li>\n<\/ul>\n<p><strong>Finalitat:<\/strong> Facilitar-li un mitj\u00e0 perqu\u00e8 pugui posar-se en contacte amb nosaltres i contestar a les seves sol.licituds d&#8217; informaci\u00f3, aix\u00ed com enviar-li comunicacions dels nostres productes, serveis i activitats, inclusivament per mitjans electr\u00f2nics, si marca la casella d&#8217; acceptaci\u00f3.<\/p>\n<p><strong>Legitimaci\u00f3:<\/strong> El consentiment de l&#8217;usuari en sol\u00b7licitar-nos informaci\u00f3 a trav\u00e9s del nostre formulari de contactes i en marcar la casella d&#8217;acceptaci\u00f3 d&#8217;enviament d&#8217;informaci\u00f3.<\/p>\n<p><strong>Conservaci\u00f3:<\/strong> Fins a vost\u00e8resulta la seva sol\u00b7licitud per mitj\u00e0 del nostre formulari o contestada per correu electr\u00f2nic, si no ha generat un nou tractament. En cas d&#8217;haver acceptat rebre enviaments comercials, fins que sol\u00b7liciti la baixa dels mateixos.<\/p>\n<ul>\n<li>FORMULARI DE REGISTRO.<\/li>\n<\/ul>\n<p><strong>Finalitat:<\/strong> D&#8217;alta com a usuari i permetre&#8217;ls l&#8217;acc\u00e9s als serveis reservats a usuaris registrats de la nostra web i informar-lo de les nostres activitats, productes i serveis, aix\u00ed com enviar-li comunicacions comercials dels nostres productes i serveis (inclusiu per mitjans electr\u00f2nics).<\/p>\n<p><strong>Legitimaci\u00f3:<\/strong> Consentiment de l&#8217; usuari. Inter\u00e8s leg\u00edtim del responsable a mantenir informats els seus clients sobre els seus productes i serveis.<\/p>\n<p><strong>Conservaci\u00f3:<\/strong> Hasta que l&#8217; usuari registrat demani la seva baixa i posteriorment durant els terminis legalment previstos. \u00a0Enviaments comercials: fins que l&#8217; usuari demani la seva baixa.<\/p>\n<ul>\n<li>FORMULARI DE COMPRA.<\/li>\n<\/ul>\n<p><strong>Finalitat:<\/strong> Gestionar les seves comandes de compra i informar-lo del nostres productes i serveis, inclusiu per mitjans electr\u00f2nics.<\/p>\n<p><strong>Legitimaci\u00f3:<\/strong> Execuci\u00f3 del contracte de venda i inter\u00e8s leg\u00edtim per informar els nostres clients sobre els nostresproductes i serveis.<\/p>\n<p><strong>Conservaci\u00f3:<\/strong> Mentre duri la relaci\u00f3 contractual i, finalitzada aquesta, durant els terminis de conservaci\u00f3 exigits legalment per atendre eventuals responsabilitats. \u00a0Enviaments comercials: fins que l&#8217; usuari demani la seva baixa.<\/p>\n<ul>\n<li>VALORACI\u00d3 DE PRODUCTES.<\/li>\n<\/ul>\n<p><strong>Finalitat:<\/strong> Publicar la seva valoraci\u00f3 sobre el producte indicat a la p\u00e0gina web.<\/p>\n<p><strong>Legitimaci\u00f3:<\/strong> El consentiment de l&#8217; usuari en utilitzar el nostre formulari de valoraci\u00f3 de productes.<\/p>\n<p><strong>Conservaci\u00f3:<\/strong> Mentre la valoraci\u00f3 del producte estigui publicada a la p\u00e0gina web i hasta que l&#8217; interessat revoqui el consentiment.<\/p>\n<ul>\n<li>COMENTARIS BLOG.<\/li>\n<\/ul>\n<p><strong>Finalitat:<\/strong> Publicar el seu comentari al blog de la p\u00e0gina web.<\/p>\n<p><strong>Legitimaci\u00f3:<\/strong> El consentiment de l&#8217; usuari en utilitzar el nostre formulari de comentaris.<\/p>\n<p><strong>Conservaci\u00f3:<\/strong> Mentre la publicaci\u00f3 al blog estigui publicada a la p\u00e0gina web i hasta que l&#8217; interessat revoqui el consentiment.<\/p>\n<ul>\n<li>TRAMESA DE CORREUS ELECTR\u00d2NICS.<\/li>\n<\/ul>\n<p><strong>Finalitat:<\/strong> Contestar a les seves sol.licituds d&#8217; informaci\u00f3, atendre les seves peticions i respondre les seves consultes o dubtes.<\/p>\n<p><strong>Legitimaci\u00f3:<\/strong> El consentiment de l&#8217;usuari en sol\u00b7licitar-nos informaci\u00f3 a trav\u00e9s de l&#8217;adre\u00e7a de correu electr\u00f2nic.<\/p>\n<p><strong>Conservaci\u00f3:<\/strong> Fins a vost\u00e8contestada la seva petici\u00f3 per correu electr\u00f2nic, si no ha generat un nou tractament.<\/p>\n<ul>\n<li>ENVIAMENT DEL CURR\u00cdCULUM VITAE PER CORREU ELECTR\u00d2NIC.<\/li>\n<\/ul>\n<p><strong>Finalitat:<\/strong> Disposar del seu curr\u00edculum per participar en els nostres processos de selecci\u00f3 de personal.<\/p>\n<p><strong>Legitimaci\u00f3:<\/strong> El consentiment de l&#8217; usuari en remetre&#8217; ns la seva informaci\u00f3 personal i curr\u00edculum per als nostres processos de selecci\u00f3 de personal.<\/p>\n<p><strong>Conservaci\u00f3:<\/strong> Durant el desenvolupament dels processos de selecci\u00f3 de personal oberts i durant 1 any per a futurs processos.<\/p>\n<p><strong>Obligaci\u00f3 de facilitar-nos les seves dades personals i conseq\u00fc\u00e8ncies de no fer-ho.<\/strong><\/p>\n<p>El subministrament de dadespersonals requereix una edat m\u00ednima de 14 anys, o en el seu cas, disposar de capacitat jur\u00eddica suficient per contractar.<\/p>\n<p>Les dades personals sol\u00b7licitades s\u00f3n necess\u00e0ries per gestionar les seves sol\u00b7licituds i\/o prestar-li els serveis que pugui contractar, per la qual cosa, si no ens els facilita, no podrem atendre-li correctament ni prestar-li el servei que ha sol\u00b7licitat.<\/p>\n<ol start=\"3\">\n<li><strong>Destinataris de les seves dades<\/strong><\/li>\n<\/ol>\n<p>Les seves dades s\u00f3n confidencials i no se cediran a tercers, llevat que existeixi obligaci\u00f3 legal.<\/p>\n<ol start=\"4\">\n<li><strong>Drets en relaci\u00f3 amb les seves dades personals<\/strong><\/li>\n<\/ol>\n<p>Qualsevol persona pot retirar el seu consentiment en qualsevol moment, quan aquest s&#8217; hagi atorgat per al tractament de les seves dades. En cap cas, la retirada d&#8217; aquest consentiment condiciona l&#8217; execuci\u00f3 del contracte de subscripci\u00f3 o les relacions generades amb anterioritat.<\/p>\n<p>Igualment, pot exercir els drets seg\u00fcents:<\/p>\n<ul>\n<li>Demanar l&#8217; acc\u00e9s a les seves dades personals o la seva rectificaci\u00f3 quan siguin inexactes.<\/li>\n<li>Sol\u00b7licitar la seva supressi\u00f3 quan, entre altres motius, les dades ja no siguin necess\u00e0ries per a les finalitats per a les quals van ser recollides.<\/li>\n<li>Demanar la limitaci\u00f3 del seu tractament en determinades circumst\u00e0ncies.<\/li>\n<li>Sol\u00b7licitar l&#8217;oposici\u00f3 al tractament de les seves dades per motius relacionats amb la seva situaci\u00f3 particular.<\/li>\n<li>Demanar la portabilitat de les dades en els casos previstos a la normativa.<\/li>\n<li>Altres drets reconeguts en les normatives aplicables.<\/li>\n<\/ul>\n<p>On i com sol\u00b7licitar els seus Drets: Mitjan\u00e7ant un escrit dirigit al responsable a la seva adre\u00e7a postal o electr\u00f2nica (indicades en l&#8217;apartat A), indicant la refer\u00e8ncia &#8220;Dades Personals&#8221;, especificant el dret que es vol exercir i respecte a quines dades personals.<\/p>\n<p>En cas de diverg\u00e8ncies amb l&#8217;empresa en relaci\u00f3 amb el tractament de les seves dades, pot presentar una reclamaci\u00f3 davant l&#8217;Autoritat de Protecci\u00f3 de Dades (<a href=\"http:\/\/www.agpd.es\/\">www.agpd.es<\/a>).<\/p>\n<ol start=\"5\">\n<li><strong>Cookies<\/strong><\/li>\n<\/ol>\n<p>Aquesta p\u00e0gina web utilitza cookies t\u00e8cniques, de personalitzaci\u00f3 i an\u00e0lisi, pr\u00f2pies i de tercers que tracten dades de connexi\u00f3 i\/o dels dispositius per a finalitats estad\u00edstiques, per\u00f2 en cap cas capten h\u00e0bits de navegaci\u00f3 per a finalitats publicit\u00e0ries.<\/p>\n<p>Per aix\u00f2, en accedir a la nostra web, en compliment de l&#8217;article 22 de la Llei de Societat de la Informaci\u00f3, en tractar les cookies esmentades, li hem sol\u00b7licitat el seu consentiment per al seu \u00fas i facilitat informaci\u00f3 de les mateixes.<\/p>\n<ol start=\"6\">\n<li><strong>Seguretat de les seves dades personals<\/strong><\/li>\n<\/ol>\n<p>Amb l&#8217;objectiu de salvaguardar la seguretat de les seves dades personals, l&#8217;informem que hem adoptat totes les mesures d&#8217;\u00edndole t\u00e8cnica i organitzativa necess\u00e0ries per garantir la seguretat de les dades personals subministrades de la seva alteraci\u00f3, p\u00e8rdua, i tractaments o accessos no autoritzats.<\/p>\n<ol start=\"7\">\n<li><strong>Actualitzaci\u00f3 de les seves dades<\/strong><\/li>\n<\/ol>\n<p>\u00c9s important que perqu\u00e8 puguem mantenir les seves dades personals actualitzades, ens informi sempre que hi hagi hagut alguna modificaci\u00f3 en ells, en cas contrari, no responem de la veracitat d&#8217;aquestes.<\/p>\n<p>No ens fem responsables de la pol\u00edtica de privacitat respecte a les dades personals que pugui facilitar a tercers per mitj\u00e0 dels enlla\u00e7os disponibles a la nostra p\u00e0gina web.<\/p>\n<p>La present Pol\u00edtica de Privacitat pot ser modificada per adaptar-les als canvis que es produeixi a la nostra web, aix\u00ed com modificacions legislatives o jurisprudencials sobre dades personals que vagin apareixent, per la qual cosa exigeix la seva lectura, cada vegada que ens faciliti les seves dades a trav\u00e9s d&#8217;aquesta Web.<\/p>\n<p>&nbsp;<\/p>\n","protected":false},"excerpt":{"rendered":"<p>La confidencialitat i la seguretat s\u00f3n valors primordials de Micofora i, en conseq\u00fc\u00e8ncia, assumim el comprom\u00eds de garantir la privacitat de l&#8217;Usuari en tot moment i de no recaptar informaci\u00f3 innecess\u00e0ria. A continuaci\u00f3, li proporcionem tota la informaci\u00f3 necess\u00e0ria sobre la nostra Pol\u00edtica de Privacitat en relaci\u00f3 amb les dades personals que recaiem, explicant-li: Qui  [&#8230;]<\/p>\n","protected":false},"author":6,"featured_media":0,"parent":0,"menu_order":0,"comment_status":"closed","ping_status":"closed","template":"","meta":{"footnotes":""},"class_list":["post-25842","page","type-page","status-publish","hentry"],"yoast_head":"<!-- This site is optimized with the Yoast SEO plugin v27.4 - https:\/\/yoast.com\/product\/yoast-seo-wordpress\/ -->\n<title>POL\u00cdTICA DE PRIVACITAT - Micofora<\/title>\n<meta name=\"robots\" content=\"index, follow, max-snippet:-1, max-image-preview:large, max-video-preview:-1\" \/>\n<link rel=\"canonical\" href=\"https:\/\/micofora.com\/ca\/politica-de-privacitat\/\" \/>\n<meta property=\"og:locale\" content=\"ca_ES\" \/>\n<meta property=\"og:type\" content=\"article\" \/>\n<meta property=\"og:title\" content=\"POL\u00cdTICA DE PRIVACITAT - Micofora\" \/>\n<meta property=\"og:description\" content=\"La confidencialitat i la seguretat s\u00f3n valors primordials de Micofora i, en conseq\u00fc\u00e8ncia, assumim el comprom\u00eds de garantir la privacitat de l&#8217;Usuari en tot moment i de no recaptar informaci\u00f3 innecess\u00e0ria. A continuaci\u00f3, li proporcionem tota la informaci\u00f3 necess\u00e0ria sobre la nostra Pol\u00edtica de Privacitat en relaci\u00f3 amb les dades personals que recaiem, explicant-li: Qui [...]\" \/>\n<meta property=\"og:url\" content=\"https:\/\/micofora.com\/ca\/politica-de-privacitat\/\" \/>\n<meta property=\"og:site_name\" content=\"Micofora\" \/>\n<meta property=\"article:modified_time\" content=\"2025-12-01T13:59:02+00:00\" \/>\n<meta name=\"twitter:card\" content=\"summary_large_image\" \/>\n<meta name=\"twitter:label1\" content=\"Est. reading time\" \/>\n\t<meta name=\"twitter:data1\" content=\"6 minutes\" \/>\n<script type=\"application\/ld+json\" class=\"yoast-schema-graph\">{\"@context\":\"https:\\\/\\\/schema.org\",\"@graph\":[{\"@type\":\"WebPage\",\"@id\":\"https:\\\/\\\/micofora.com\\\/ca\\\/politica-de-privacitat\\\/\",\"url\":\"https:\\\/\\\/micofora.com\\\/ca\\\/politica-de-privacitat\\\/\",\"name\":\"POL\u00cdTICA DE PRIVACITAT - Micofora\",\"isPartOf\":{\"@id\":\"https:\\\/\\\/micofora.com\\\/#website\"},\"datePublished\":\"2022-06-01T11:58:12+00:00\",\"dateModified\":\"2025-12-01T13:59:02+00:00\",\"breadcrumb\":{\"@id\":\"https:\\\/\\\/micofora.com\\\/ca\\\/politica-de-privacitat\\\/#breadcrumb\"},\"inLanguage\":\"ca\",\"potentialAction\":[{\"@type\":\"ReadAction\",\"target\":[\"https:\\\/\\\/micofora.com\\\/ca\\\/politica-de-privacitat\\\/\"]}]},{\"@type\":\"BreadcrumbList\",\"@id\":\"https:\\\/\\\/micofora.com\\\/ca\\\/politica-de-privacitat\\\/#breadcrumb\",\"itemListElement\":[{\"@type\":\"ListItem\",\"position\":1,\"name\":\"Portada\",\"item\":\"https:\\\/\\\/micofora.com\\\/ca\\\/\"},{\"@type\":\"ListItem\",\"position\":2,\"name\":\"POL\u00cdTICA DE PRIVACITAT\"}]},{\"@type\":\"WebSite\",\"@id\":\"https:\\\/\\\/micofora.com\\\/#website\",\"url\":\"https:\\\/\\\/micofora.com\\\/\",\"name\":\"Micofora\",\"description\":\"Micologia Forestal &amp; Aplicada\",\"potentialAction\":[{\"@type\":\"SearchAction\",\"target\":{\"@type\":\"EntryPoint\",\"urlTemplate\":\"https:\\\/\\\/micofora.com\\\/?s={search_term_string}\"},\"query-input\":{\"@type\":\"PropertyValueSpecification\",\"valueRequired\":true,\"valueName\":\"search_term_string\"}}],\"inLanguage\":\"ca\"}]}<\/script>\n<!-- \/ Yoast SEO plugin. -->","yoast_head_json":{"title":"POL\u00cdTICA DE PRIVACITAT - Micofora","robots":{"index":"index","follow":"follow","max-snippet":"max-snippet:-1","max-image-preview":"max-image-preview:large","max-video-preview":"max-video-preview:-1"},"canonical":"https:\/\/micofora.com\/ca\/politica-de-privacitat\/","og_locale":"ca_ES","og_type":"article","og_title":"POL\u00cdTICA DE PRIVACITAT - Micofora","og_description":"La confidencialitat i la seguretat s\u00f3n valors primordials de Micofora i, en conseq\u00fc\u00e8ncia, assumim el comprom\u00eds de garantir la privacitat de l&#8217;Usuari en tot moment i de no recaptar informaci\u00f3 innecess\u00e0ria. A continuaci\u00f3, li proporcionem tota la informaci\u00f3 necess\u00e0ria sobre la nostra Pol\u00edtica de Privacitat en relaci\u00f3 amb les dades personals que recaiem, explicant-li: Qui [...]","og_url":"https:\/\/micofora.com\/ca\/politica-de-privacitat\/","og_site_name":"Micofora","article_modified_time":"2025-12-01T13:59:02+00:00","twitter_card":"summary_large_image","twitter_misc":{"Est. reading time":"6 minutes"},"schema":{"@context":"https:\/\/schema.org","@graph":[{"@type":"WebPage","@id":"https:\/\/micofora.com\/ca\/politica-de-privacitat\/","url":"https:\/\/micofora.com\/ca\/politica-de-privacitat\/","name":"POL\u00cdTICA DE PRIVACITAT - Micofora","isPartOf":{"@id":"https:\/\/micofora.com\/#website"},"datePublished":"2022-06-01T11:58:12+00:00","dateModified":"2025-12-01T13:59:02+00:00","breadcrumb":{"@id":"https:\/\/micofora.com\/ca\/politica-de-privacitat\/#breadcrumb"},"inLanguage":"ca","potentialAction":[{"@type":"ReadAction","target":["https:\/\/micofora.com\/ca\/politica-de-privacitat\/"]}]},{"@type":"BreadcrumbList","@id":"https:\/\/micofora.com\/ca\/politica-de-privacitat\/#breadcrumb","itemListElement":[{"@type":"ListItem","position":1,"name":"Portada","item":"https:\/\/micofora.com\/ca\/"},{"@type":"ListItem","position":2,"name":"POL\u00cdTICA DE PRIVACITAT"}]},{"@type":"WebSite","@id":"https:\/\/micofora.com\/#website","url":"https:\/\/micofora.com\/","name":"Micofora","description":"Micologia Forestal &amp; Aplicada","potentialAction":[{"@type":"SearchAction","target":{"@type":"EntryPoint","urlTemplate":"https:\/\/micofora.com\/?s={search_term_string}"},"query-input":{"@type":"PropertyValueSpecification","valueRequired":true,"valueName":"search_term_string"}}],"inLanguage":"ca"}]}},"_links":{"self":[{"href":"https:\/\/micofora.com\/ca\/wp-json\/wp\/v2\/pages\/25842","targetHints":{"allow":["GET"]}}],"collection":[{"href":"https:\/\/micofora.com\/ca\/wp-json\/wp\/v2\/pages"}],"about":[{"href":"https:\/\/micofora.com\/ca\/wp-json\/wp\/v2\/types\/page"}],"author":[{"embeddable":true,"href":"https:\/\/micofora.com\/ca\/wp-json\/wp\/v2\/users\/6"}],"replies":[{"embeddable":true,"href":"https:\/\/micofora.com\/ca\/wp-json\/wp\/v2\/comments?post=25842"}],"version-history":[{"count":2,"href":"https:\/\/micofora.com\/ca\/wp-json\/wp\/v2\/pages\/25842\/revisions"}],"predecessor-version":[{"id":27963,"href":"https:\/\/micofora.com\/ca\/wp-json\/wp\/v2\/pages\/25842\/revisions\/27963"}],"wp:attachment":[{"href":"https:\/\/micofora.com\/ca\/wp-json\/wp\/v2\/media?parent=25842"}],"curies":[{"name":"wp","href":"https:\/\/api.w.org\/{rel}","templated":true}]}}